{"id":68,"date":"2021-03-20T18:59:38","date_gmt":"2021-03-20T17:59:38","guid":{"rendered":"http:\/\/ehpadrichard.fr\/?page_id=68"},"modified":"2022-12-02T11:02:29","modified_gmt":"2022-12-02T10:02:29","slug":"hebergement","status":"publish","type":"page","link":"https:\/\/ehpadrichard.fr\/index.php\/hebergement\/","title":{"rendered":"H\u00e9bergement"},"content":{"rendered":"\t\t<div data-elementor-type=\"wp-page\" data-elementor-id=\"68\" class=\"elementor elementor-68\">\n\t\t\t\t\t\t<section class=\"elementor-section elementor-top-section elementor-element elementor-element-fdd4909 elementor-section-boxed elementor-section-height-default elementor-section-height-default\" data-id=\"fdd4909\" data-element_type=\"section\" data-e-type=\"section\">\n\t\t\t\t\t\t<div class=\"elementor-container elementor-column-gap-default\">\n\t\t\t\t\t<div class=\"elementor-column elementor-col-50 elementor-top-column elementor-element elementor-element-9e4f0b8\" data-id=\"9e4f0b8\" data-element_type=\"column\" data-e-type=\"column\">\n\t\t\t<div class=\"elementor-widget-wrap elementor-element-populated\">\n\t\t\t\t\t\t<div class=\"elementor-element elementor-element-0b0b084 elementor-widget elementor-widget-text-editor\" data-id=\"0b0b084\" data-element_type=\"widget\" data-e-type=\"widget\" data-widget_type=\"text-editor.default\">\n\t\t\t\t<div class=\"elementor-widget-container\">\n\t\t\t\t\t\t\t\t\t<p>L\u2019\u00e9tablissement comprend un b\u00e2timent central de trois \u00e9tages construit au d\u00e9but du XXe si\u00e8cle. Au rez de chauss\u00e9e se trouve le hall d\u2019accueil o\u00f9 convergent les circulations qui conduisent aux unit\u00e9s de vie et aux espaces conviviaux. Dans ce hall, les r\u00e9sidents ont acc\u00e8s aux petites commodit\u00e9s comme la boutique et le coiffeur.<\/p><p>\u00a0<\/p>\t\t\t\t\t\t\t\t<\/div>\n\t\t\t\t<\/div>\n\t\t\t\t<div class=\"elementor-element elementor-element-361fb8c elementor-widget elementor-widget-image\" data-id=\"361fb8c\" data-element_type=\"widget\" data-e-type=\"widget\" data-widget_type=\"image.default\">\n\t\t\t\t<div class=\"elementor-widget-container\">\n\t\t\t\t\t\t\t\t\t\t\t\t\t\t\t<img fetchpriority=\"high\" decoding=\"async\" width=\"1920\" height=\"700\" src=\"https:\/\/ehpadrichard.fr\/wp-content\/uploads\/2021\/03\/1000017img1-1920x700.jpg\" class=\"attachment-blossom-spa-single size-blossom-spa-single wp-image-231\" alt=\"\" \/>\t\t\t\t\t\t\t\t\t\t\t\t\t\t\t<\/div>\n\t\t\t\t<\/div>\n\t\t\t\t<div class=\"elementor-element elementor-element-ffe7675 elementor-widget elementor-widget-text-editor\" data-id=\"ffe7675\" data-element_type=\"widget\" data-e-type=\"widget\" data-widget_type=\"text-editor.default\">\n\t\t\t\t<div class=\"elementor-widget-container\">\n\t\t\t\t\t\t\t\t\t<p>Sept unit\u00e9s de vie, chacune au nom d\u2019un peintre impressionniste <em>(Van Gogh, Monet, Pissarro, Utrillo, Renoir, C\u00e9zanne, Matisse &#8220;UVP&#8221;)<\/em> sont reli\u00e9es entre elles par de larges couloirs et des ascenseurs. Chacune est accessible aux personnes \u00e0 mobilit\u00e9 r\u00e9duite. Elles se composent de fa\u00e7on identique, chambres individuelles ou doubles, salles \u00e0 manger, salon TV, infirmerie, office.<\/p><p>\u00a0<\/p>\t\t\t\t\t\t\t\t<\/div>\n\t\t\t\t<\/div>\n\t\t\t\t\t<\/div>\n\t\t<\/div>\n\t\t\t\t<div class=\"elementor-column elementor-col-50 elementor-top-column elementor-element elementor-element-9c0900c\" data-id=\"9c0900c\" data-element_type=\"column\" data-e-type=\"column\">\n\t\t\t<div class=\"elementor-widget-wrap elementor-element-populated\">\n\t\t\t\t\t\t<div class=\"elementor-element elementor-element-5ce7350 elementor-widget elementor-widget-image\" data-id=\"5ce7350\" data-element_type=\"widget\" data-e-type=\"widget\" data-widget_type=\"image.default\">\n\t\t\t\t<div class=\"elementor-widget-container\">\n\t\t\t\t\t\t\t\t\t\t\t\t\t\t\t<img decoding=\"async\" width=\"480\" height=\"324\" src=\"https:\/\/ehpadrichard.fr\/wp-content\/uploads\/2022\/09\/20220322_144313-480x324.jpg\" class=\"attachment-blossom-spa-service size-blossom-spa-service wp-image-1065\" alt=\"\" \/>\t\t\t\t\t\t\t\t\t\t\t\t\t\t\t<\/div>\n\t\t\t\t<\/div>\n\t\t\t\t<div class=\"elementor-element elementor-element-b32cef7 elementor-widget elementor-widget-text-editor\" data-id=\"b32cef7\" data-element_type=\"widget\" data-e-type=\"widget\" data-widget_type=\"text-editor.default\">\n\t\t\t\t<div class=\"elementor-widget-container\">\n\t\t\t\t\t\t\t\t\t<p>A l\u2019ext\u00e9rieur, des all\u00e9es goudronn\u00e9es facilitent l\u2019acc\u00e8s au parc o\u00f9 mobilier de jardin et v\u00e9g\u00e9tation diversifi\u00e9e font de celui-ci un endroit agr\u00e9able pour les promenades.<\/p><p>De 1998 \u00e0 aujourd\u2019hui des travaux de r\u00e9novation et d\u2019agrandissement ne cessent d\u2019\u00eatre r\u00e9alis\u00e9s afin d\u2019am\u00e9liorer quotidiennement le bien-\u00eatre des r\u00e9sidents accueillis.<\/p>\t\t\t\t\t\t\t\t<\/div>\n\t\t\t\t<\/div>\n\t\t\t\t<div class=\"elementor-element elementor-element-f2c8875 elementor-widget elementor-widget-image\" data-id=\"f2c8875\" data-element_type=\"widget\" data-e-type=\"widget\" data-widget_type=\"image.default\">\n\t\t\t\t<div class=\"elementor-widget-container\">\n\t\t\t\t\t\t\t\t\t\t\t\t\t\t\t<img decoding=\"async\" width=\"370\" height=\"247\" src=\"https:\/\/ehpadrichard.fr\/wp-content\/uploads\/2021\/03\/20200116_103717-370x247.jpg\" class=\"attachment-blossom-spa-pagination size-blossom-spa-pagination wp-image-236\" alt=\"\" srcset=\"https:\/\/ehpadrichard.fr\/wp-content\/uploads\/2021\/03\/20200116_103717-370x247.jpg 370w, https:\/\/ehpadrichard.fr\/wp-content\/uploads\/2021\/03\/20200116_103717-776x517.jpg 776w\" sizes=\"(max-width: 370px) 100vw, 370px\" \/>\t\t\t\t\t\t\t\t\t\t\t\t\t\t\t<\/div>\n\t\t\t\t<\/div>\n\t\t\t\t\t<\/div>\n\t\t<\/div>\n\t\t\t\t\t<\/div>\n\t\t<\/section>\n\t\t\t\t<section class=\"elementor-section elementor-top-section elementor-element elementor-element-351d5bc elementor-section-boxed elementor-section-height-default elementor-section-height-default\" data-id=\"351d5bc\" data-element_type=\"section\" data-e-type=\"section\">\n\t\t\t\t\t\t<div class=\"elementor-container elementor-column-gap-default\">\n\t\t\t\t\t<div class=\"elementor-column elementor-col-50 elementor-top-column elementor-element elementor-element-d122c1e\" data-id=\"d122c1e\" data-element_type=\"column\" data-e-type=\"column\">\n\t\t\t<div class=\"elementor-widget-wrap elementor-element-populated\">\n\t\t\t\t\t\t<div class=\"elementor-element elementor-element-1658f21 elementor-widget elementor-widget-spacer\" data-id=\"1658f21\" data-element_type=\"widget\" data-e-type=\"widget\" data-widget_type=\"spacer.default\">\n\t\t\t\t<div class=\"elementor-widget-container\">\n\t\t\t\t\t\t\t<div class=\"elementor-spacer\">\n\t\t\t<div class=\"elementor-spacer-inner\"><\/div>\n\t\t<\/div>\n\t\t\t\t\t\t<\/div>\n\t\t\t\t<\/div>\n\t\t\t\t<div class=\"elementor-element elementor-element-cc44e3a elementor-widget elementor-widget-image\" data-id=\"cc44e3a\" data-element_type=\"widget\" data-e-type=\"widget\" data-widget_type=\"image.default\">\n\t\t\t\t<div class=\"elementor-widget-container\">\n\t\t\t\t\t\t\t\t\t\t\t\t\t\t\t<img loading=\"lazy\" decoding=\"async\" width=\"1024\" height=\"576\" src=\"https:\/\/ehpadrichard.fr\/wp-content\/uploads\/2022\/11\/20201009_035047-1-1024x576.jpg\" class=\"attachment-large size-large wp-image-1348\" alt=\"\" srcset=\"https:\/\/ehpadrichard.fr\/wp-content\/uploads\/2022\/11\/20201009_035047-1-1024x576.jpg 1024w, https:\/\/ehpadrichard.fr\/wp-content\/uploads\/2022\/11\/20201009_035047-1-300x169.jpg 300w, https:\/\/ehpadrichard.fr\/wp-content\/uploads\/2022\/11\/20201009_035047-1-768x432.jpg 768w, https:\/\/ehpadrichard.fr\/wp-content\/uploads\/2022\/11\/20201009_035047-1-1536x864.jpg 1536w, https:\/\/ehpadrichard.fr\/wp-content\/uploads\/2022\/11\/20201009_035047-1-2048x1152.jpg 2048w, https:\/\/ehpadrichard.fr\/wp-content\/uploads\/2022\/11\/20201009_035047-1-107x60.jpg 107w\" sizes=\"(max-width: 1024px) 100vw, 1024px\" \/>\t\t\t\t\t\t\t\t\t\t\t\t\t\t\t<\/div>\n\t\t\t\t<\/div>\n\t\t\t\t\t<\/div>\n\t\t<\/div>\n\t\t\t\t<div class=\"elementor-column elementor-col-50 elementor-top-column elementor-element elementor-element-6f09077\" data-id=\"6f09077\" data-element_type=\"column\" data-e-type=\"column\">\n\t\t\t<div class=\"elementor-widget-wrap elementor-element-populated\">\n\t\t\t\t\t\t<div class=\"elementor-element elementor-element-abae474 elementor-widget elementor-widget-text-editor\" data-id=\"abae474\" data-element_type=\"widget\" data-e-type=\"widget\" data-widget_type=\"text-editor.default\">\n\t\t\t\t<div class=\"elementor-widget-container\">\n\t\t\t\t\t\t\t\t\t<p><strong>Matisse, l\u2019Unit\u00e9 de Vie\u00a0 Prot\u00e9g\u00e9e<\/strong> a pour objectif\u00a0 d&#8217;accueillir des personnes ayant des troubles importants du comportement. Ce service accueille 14 personnes. Les chambres sont \u00e9quip\u00e9es d&#8217;un agencement sp\u00e9cifique aux besoins des r\u00e9sidents. Le personnel qui intervient quotidiennement dans cette unit\u00e9 et qui propose divers atelier sont les\u00a0 (ASG, <em>agents de soins en g\u00e9rontologie<\/em>, animateurs, param\u00e9dicaux <em>kin\u00e9, psychomotricien, psychologue <\/em>\u2026)<\/p>\t\t\t\t\t\t\t\t<\/div>\n\t\t\t\t<\/div>\n\t\t\t\t\t<\/div>\n\t\t<\/div>\n\t\t\t\t\t<\/div>\n\t\t<\/section>\n\t\t\t\t<section class=\"elementor-section elementor-top-section elementor-element elementor-element-68ac0f6 elementor-section-boxed elementor-section-height-default elementor-section-height-default\" data-id=\"68ac0f6\" data-element_type=\"section\" data-e-type=\"section\">\n\t\t\t\t\t\t<div class=\"elementor-container elementor-column-gap-default\">\n\t\t\t\t\t<div class=\"elementor-column elementor-col-50 elementor-top-column elementor-element elementor-element-d5cb409\" data-id=\"d5cb409\" data-element_type=\"column\" data-e-type=\"column\">\n\t\t\t<div class=\"elementor-widget-wrap elementor-element-populated\">\n\t\t\t\t\t\t<div class=\"elementor-element elementor-element-369b195 elementor-widget elementor-widget-spacer\" data-id=\"369b195\" data-element_type=\"widget\" data-e-type=\"widget\" data-widget_type=\"spacer.default\">\n\t\t\t\t<div class=\"elementor-widget-container\">\n\t\t\t\t\t\t\t<div class=\"elementor-spacer\">\n\t\t\t<div class=\"elementor-spacer-inner\"><\/div>\n\t\t<\/div>\n\t\t\t\t\t\t<\/div>\n\t\t\t\t<\/div>\n\t\t\t\t<div class=\"elementor-element elementor-element-8191fbb elementor-widget elementor-widget-text-editor\" data-id=\"8191fbb\" data-element_type=\"widget\" data-e-type=\"widget\" data-widget_type=\"text-editor.default\">\n\t\t\t\t<div class=\"elementor-widget-container\">\n\t\t\t\t\t\t\t\t\t<p><strong>Le PASA<\/strong>, <em>P\u00f4le d\u2019Activit\u00e9s et de Soins Adapt\u00e9s<\/em>, a pour objectif d&#8217;accueillir des r\u00e9sidents au sein m\u00eame de l\u2019\u00e9tablissement. Ils y sont invit\u00e9s sur prescription m\u00e9dicale. Deux ASG, <em>agent de soins en g\u00e9rontologie<\/em>, mettent en place divers ateliers de stimulation physique et cognitive.<\/p>\t\t\t\t\t\t\t\t<\/div>\n\t\t\t\t<\/div>\n\t\t\t\t\t<\/div>\n\t\t<\/div>\n\t\t\t\t<div class=\"elementor-column elementor-col-50 elementor-top-column elementor-element elementor-element-f74a5b0\" data-id=\"f74a5b0\" data-element_type=\"column\" data-e-type=\"column\">\n\t\t\t<div class=\"elementor-widget-wrap elementor-element-populated\">\n\t\t\t\t\t\t<div class=\"elementor-element elementor-element-66ba6d9 elementor-widget elementor-widget-image\" data-id=\"66ba6d9\" data-element_type=\"widget\" data-e-type=\"widget\" data-widget_type=\"image.default\">\n\t\t\t\t<div class=\"elementor-widget-container\">\n\t\t\t\t\t\t\t\t\t\t\t\t\t\t\t<img loading=\"lazy\" decoding=\"async\" width=\"1920\" height=\"700\" src=\"https:\/\/ehpadrichard.fr\/wp-content\/uploads\/2022\/11\/20221125_111955-1920x700.jpg\" class=\"attachment-blossom-spa-single size-blossom-spa-single wp-image-1339\" alt=\"\" \/>\t\t\t\t\t\t\t\t\t\t\t\t\t\t\t<\/div>\n\t\t\t\t<\/div>\n\t\t\t\t\t<\/div>\n\t\t<\/div>\n\t\t\t\t\t<\/div>\n\t\t<\/section>\n\t\t\t\t<section class=\"elementor-section elementor-top-section elementor-element elementor-element-5b3d22b elementor-section-boxed elementor-section-height-default elementor-section-height-default\" data-id=\"5b3d22b\" data-element_type=\"section\" data-e-type=\"section\">\n\t\t\t\t\t\t<div class=\"elementor-container elementor-column-gap-default\">\n\t\t\t\t\t<div class=\"elementor-column elementor-col-100 elementor-top-column elementor-element elementor-element-4674c77\" data-id=\"4674c77\" data-element_type=\"column\" data-e-type=\"column\">\n\t\t\t<div class=\"elementor-widget-wrap elementor-element-populated\">\n\t\t\t\t\t\t<div class=\"elementor-element elementor-element-e4a0e1c elementor-widget elementor-widget-spacer\" data-id=\"e4a0e1c\" data-element_type=\"widget\" data-e-type=\"widget\" data-widget_type=\"spacer.default\">\n\t\t\t\t<div class=\"elementor-widget-container\">\n\t\t\t\t\t\t\t<div class=\"elementor-spacer\">\n\t\t\t<div class=\"elementor-spacer-inner\"><\/div>\n\t\t<\/div>\n\t\t\t\t\t\t<\/div>\n\t\t\t\t<\/div>\n\t\t\t\t<div class=\"elementor-element elementor-element-a66b877 elementor-widget elementor-widget-text-editor\" data-id=\"a66b877\" data-element_type=\"widget\" data-e-type=\"widget\" data-widget_type=\"text-editor.default\">\n\t\t\t\t<div class=\"elementor-widget-container\">\n\t\t\t\t\t\t\t\t\t<p><em>Les valeurs:<\/em><\/p><p><em>Toute personne \u00e2g\u00e9e, quelles que soient ses difficult\u00e9s physiques et\/ou psychiques, sera \u00e0 travers les diff\u00e9rents actes de la vie quotidienne, accompagn\u00e9e dans le respect de ses besoins, de ses attentes et de ses d\u00e9sirs.<\/em><\/p><p>L&#8217;\u00e9tablissement d\u00e9fend des valeurs qui font partie int\u00e9grante du projet institutionnel,<\/p><p>-Respecter la dignit\u00e9 de la personne, ses croyances, ses convictions, son intimit\u00e9<\/p><p>-Redonner un sens et une qualit\u00e9 \u00e0 leur vie<\/p><p>-Pr\u00e9server l&#8217;individualit\u00e9 et l&#8217;identit\u00e9 de chacun<\/p><p>Ses valeurs sont des objectifs majeurs de l\u2019\u00e9tablissement.\u00a0\u00a0<\/p>\t\t\t\t\t\t\t\t<\/div>\n\t\t\t\t<\/div>\n\t\t\t\t\t<\/div>\n\t\t<\/div>\n\t\t\t\t\t<\/div>\n\t\t<\/section>\n\t\t\t\t<\/div>\n\t\t","protected":false},"excerpt":{"rendered":"<p>L\u2019\u00e9tablissement comprend un b\u00e2timent central de trois \u00e9tages construit au d\u00e9but du XXe si\u00e8cle. Au rez de chauss\u00e9e se trouve le hall d\u2019accueil o\u00f9 convergent les circulations qui conduisent aux &hellip; <\/p>\n","protected":false},"author":1,"featured_media":97,"parent":0,"menu_order":0,"comment_status":"closed","ping_status":"closed","template":"","meta":{"footnotes":""},"class_list":["post-68","page","type-page","status-publish","has-post-thumbnail","hentry"],"yoast_head":"<!-- This site is optimized with the Yoast SEO plugin v27.1.1 - https:\/\/yoast.com\/product\/yoast-seo-wordpress\/ -->\n<title>H\u00e9bergement - P\u00f4le G\u00e9rontologique EHPAD Public Richard<\/title>\n<meta name=\"robots\" content=\"index, follow, max-snippet:-1, max-image-preview:large, max-video-preview:-1\" \/>\n<link rel=\"canonical\" href=\"https:\/\/ehpadrichard.fr\/index.php\/hebergement\/\" \/>\n<meta property=\"og:locale\" content=\"en_US\" \/>\n<meta property=\"og:type\" content=\"article\" \/>\n<meta property=\"og:title\" content=\"H\u00e9bergement - P\u00f4le G\u00e9rontologique EHPAD Public Richard\" \/>\n<meta property=\"og:description\" content=\"L\u2019\u00e9tablissement comprend un b\u00e2timent central de trois \u00e9tages construit au d\u00e9but du XXe si\u00e8cle. Au rez de chauss\u00e9e se trouve le hall d\u2019accueil o\u00f9 convergent les circulations qui conduisent aux &hellip;\" \/>\n<meta property=\"og:url\" content=\"https:\/\/ehpadrichard.fr\/index.php\/hebergement\/\" \/>\n<meta property=\"og:site_name\" content=\"P\u00f4le G\u00e9rontologique EHPAD Public Richard\" \/>\n<meta property=\"article:modified_time\" content=\"2022-12-02T10:02:29+00:00\" \/>\n<meta property=\"og:image\" content=\"https:\/\/ehpadrichard.fr\/wp-content\/uploads\/2021\/03\/20201009_035103-scaled.jpg\" \/>\n\t<meta property=\"og:image:width\" content=\"2560\" \/>\n\t<meta property=\"og:image:height\" content=\"1440\" \/>\n\t<meta property=\"og:image:type\" content=\"image\/jpeg\" \/>\n<meta name=\"twitter:card\" content=\"summary_large_image\" \/>\n<meta name=\"twitter:label1\" content=\"Est. reading time\" \/>\n\t<meta name=\"twitter:data1\" content=\"3 minutes\" \/>\n<script type=\"application\/ld+json\" class=\"yoast-schema-graph\">{\"@context\":\"https:\/\/schema.org\",\"@graph\":[{\"@type\":\"WebPage\",\"@id\":\"https:\/\/ehpadrichard.fr\/index.php\/hebergement\/\",\"url\":\"https:\/\/ehpadrichard.fr\/index.php\/hebergement\/\",\"name\":\"H\u00e9bergement - P\u00f4le G\u00e9rontologique EHPAD Public Richard\",\"isPartOf\":{\"@id\":\"https:\/\/ehpadrichard.fr\/#website\"},\"primaryImageOfPage\":{\"@id\":\"https:\/\/ehpadrichard.fr\/index.php\/hebergement\/#primaryimage\"},\"image\":{\"@id\":\"https:\/\/ehpadrichard.fr\/index.php\/hebergement\/#primaryimage\"},\"thumbnailUrl\":\"https:\/\/ehpadrichard.fr\/wp-content\/uploads\/2021\/03\/20201009_035103-scaled.jpg\",\"datePublished\":\"2021-03-20T17:59:38+00:00\",\"dateModified\":\"2022-12-02T10:02:29+00:00\",\"breadcrumb\":{\"@id\":\"https:\/\/ehpadrichard.fr\/index.php\/hebergement\/#breadcrumb\"},\"inLanguage\":\"en-US\",\"potentialAction\":[{\"@type\":\"ReadAction\",\"target\":[\"https:\/\/ehpadrichard.fr\/index.php\/hebergement\/\"]}]},{\"@type\":\"ImageObject\",\"inLanguage\":\"en-US\",\"@id\":\"https:\/\/ehpadrichard.fr\/index.php\/hebergement\/#primaryimage\",\"url\":\"https:\/\/ehpadrichard.fr\/wp-content\/uploads\/2021\/03\/20201009_035103-scaled.jpg\",\"contentUrl\":\"https:\/\/ehpadrichard.fr\/wp-content\/uploads\/2021\/03\/20201009_035103-scaled.jpg\",\"width\":2560,\"height\":1440},{\"@type\":\"BreadcrumbList\",\"@id\":\"https:\/\/ehpadrichard.fr\/index.php\/hebergement\/#breadcrumb\",\"itemListElement\":[{\"@type\":\"ListItem\",\"position\":1,\"name\":\"Accueil\",\"item\":\"https:\/\/ehpadrichard.fr\/\"},{\"@type\":\"ListItem\",\"position\":2,\"name\":\"H\u00e9bergement\"}]},{\"@type\":\"WebSite\",\"@id\":\"https:\/\/ehpadrichard.fr\/#website\",\"url\":\"https:\/\/ehpadrichard.fr\/\",\"name\":\"P\u00f4le G\u00e9rontologique EHPAD Public Richard\",\"description\":\"2 Boulevard Richard Garnier 78700 Conflans-Sainte-Honorine\",\"potentialAction\":[{\"@type\":\"SearchAction\",\"target\":{\"@type\":\"EntryPoint\",\"urlTemplate\":\"https:\/\/ehpadrichard.fr\/?s={search_term_string}\"},\"query-input\":{\"@type\":\"PropertyValueSpecification\",\"valueRequired\":true,\"valueName\":\"search_term_string\"}}],\"inLanguage\":\"en-US\"}]}<\/script>\n<!-- \/ Yoast SEO plugin. -->","yoast_head_json":{"title":"H\u00e9bergement - P\u00f4le G\u00e9rontologique EHPAD Public Richard","robots":{"index":"index","follow":"follow","max-snippet":"max-snippet:-1","max-image-preview":"max-image-preview:large","max-video-preview":"max-video-preview:-1"},"canonical":"https:\/\/ehpadrichard.fr\/index.php\/hebergement\/","og_locale":"en_US","og_type":"article","og_title":"H\u00e9bergement - P\u00f4le G\u00e9rontologique EHPAD Public Richard","og_description":"L\u2019\u00e9tablissement comprend un b\u00e2timent central de trois \u00e9tages construit au d\u00e9but du XXe si\u00e8cle. Au rez de chauss\u00e9e se trouve le hall d\u2019accueil o\u00f9 convergent les circulations qui conduisent aux &hellip;","og_url":"https:\/\/ehpadrichard.fr\/index.php\/hebergement\/","og_site_name":"P\u00f4le G\u00e9rontologique EHPAD Public Richard","article_modified_time":"2022-12-02T10:02:29+00:00","og_image":[{"width":2560,"height":1440,"url":"https:\/\/ehpadrichard.fr\/wp-content\/uploads\/2021\/03\/20201009_035103-scaled.jpg","type":"image\/jpeg"}],"twitter_card":"summary_large_image","twitter_misc":{"Est. reading time":"3 minutes"},"schema":{"@context":"https:\/\/schema.org","@graph":[{"@type":"WebPage","@id":"https:\/\/ehpadrichard.fr\/index.php\/hebergement\/","url":"https:\/\/ehpadrichard.fr\/index.php\/hebergement\/","name":"H\u00e9bergement - P\u00f4le G\u00e9rontologique EHPAD Public Richard","isPartOf":{"@id":"https:\/\/ehpadrichard.fr\/#website"},"primaryImageOfPage":{"@id":"https:\/\/ehpadrichard.fr\/index.php\/hebergement\/#primaryimage"},"image":{"@id":"https:\/\/ehpadrichard.fr\/index.php\/hebergement\/#primaryimage"},"thumbnailUrl":"https:\/\/ehpadrichard.fr\/wp-content\/uploads\/2021\/03\/20201009_035103-scaled.jpg","datePublished":"2021-03-20T17:59:38+00:00","dateModified":"2022-12-02T10:02:29+00:00","breadcrumb":{"@id":"https:\/\/ehpadrichard.fr\/index.php\/hebergement\/#breadcrumb"},"inLanguage":"en-US","potentialAction":[{"@type":"ReadAction","target":["https:\/\/ehpadrichard.fr\/index.php\/hebergement\/"]}]},{"@type":"ImageObject","inLanguage":"en-US","@id":"https:\/\/ehpadrichard.fr\/index.php\/hebergement\/#primaryimage","url":"https:\/\/ehpadrichard.fr\/wp-content\/uploads\/2021\/03\/20201009_035103-scaled.jpg","contentUrl":"https:\/\/ehpadrichard.fr\/wp-content\/uploads\/2021\/03\/20201009_035103-scaled.jpg","width":2560,"height":1440},{"@type":"BreadcrumbList","@id":"https:\/\/ehpadrichard.fr\/index.php\/hebergement\/#breadcrumb","itemListElement":[{"@type":"ListItem","position":1,"name":"Accueil","item":"https:\/\/ehpadrichard.fr\/"},{"@type":"ListItem","position":2,"name":"H\u00e9bergement"}]},{"@type":"WebSite","@id":"https:\/\/ehpadrichard.fr\/#website","url":"https:\/\/ehpadrichard.fr\/","name":"P\u00f4le G\u00e9rontologique EHPAD Public Richard","description":"2 Boulevard Richard Garnier 78700 Conflans-Sainte-Honorine","potentialAction":[{"@type":"SearchAction","target":{"@type":"EntryPoint","urlTemplate":"https:\/\/ehpadrichard.fr\/?s={search_term_string}"},"query-input":{"@type":"PropertyValueSpecification","valueRequired":true,"valueName":"search_term_string"}}],"inLanguage":"en-US"}]}},"_links":{"self":[{"href":"https:\/\/ehpadrichard.fr\/index.php\/wp-json\/wp\/v2\/pages\/68","targetHints":{"allow":["GET"]}}],"collection":[{"href":"https:\/\/ehpadrichard.fr\/index.php\/wp-json\/wp\/v2\/pages"}],"about":[{"href":"https:\/\/ehpadrichard.fr\/index.php\/wp-json\/wp\/v2\/types\/page"}],"author":[{"embeddable":true,"href":"https:\/\/ehpadrichard.fr\/index.php\/wp-json\/wp\/v2\/users\/1"}],"replies":[{"embeddable":true,"href":"https:\/\/ehpadrichard.fr\/index.php\/wp-json\/wp\/v2\/comments?post=68"}],"version-history":[{"count":101,"href":"https:\/\/ehpadrichard.fr\/index.php\/wp-json\/wp\/v2\/pages\/68\/revisions"}],"predecessor-version":[{"id":1549,"href":"https:\/\/ehpadrichard.fr\/index.php\/wp-json\/wp\/v2\/pages\/68\/revisions\/1549"}],"wp:featuredmedia":[{"embeddable":true,"href":"https:\/\/ehpadrichard.fr\/index.php\/wp-json\/wp\/v2\/media\/97"}],"wp:attachment":[{"href":"https:\/\/ehpadrichard.fr\/index.php\/wp-json\/wp\/v2\/media?parent=68"}],"curies":[{"name":"wp","href":"https:\/\/api.w.org\/{rel}","templated":true}]}}