{"id":74,"date":"2021-03-20T19:02:42","date_gmt":"2021-03-20T18:02:42","guid":{"rendered":"http:\/\/ehpadrichard.fr\/?page_id=74"},"modified":"2023-05-25T11:21:28","modified_gmt":"2023-05-25T09:21:28","slug":"repas","status":"publish","type":"page","link":"https:\/\/ehpadrichard.fr\/index.php\/repas\/","title":{"rendered":"Repas"},"content":{"rendered":"\t\t<div data-elementor-type=\"wp-page\" data-elementor-id=\"74\" class=\"elementor elementor-74\">\n\t\t\t\t\t\t<section class=\"elementor-section elementor-top-section elementor-element elementor-element-75db8ca elementor-section-boxed elementor-section-height-default elementor-section-height-default\" data-id=\"75db8ca\" data-element_type=\"section\" data-e-type=\"section\">\n\t\t\t\t\t\t<div class=\"elementor-container elementor-column-gap-default\">\n\t\t\t\t\t<div class=\"elementor-column elementor-col-100 elementor-top-column elementor-element elementor-element-1bd4120\" data-id=\"1bd4120\" data-element_type=\"column\" data-e-type=\"column\">\n\t\t\t<div class=\"elementor-widget-wrap elementor-element-populated\">\n\t\t\t\t\t\t<div class=\"elementor-element elementor-element-7f7c4dd elementor-widget elementor-widget-heading\" data-id=\"7f7c4dd\" data-element_type=\"widget\" data-e-type=\"widget\" data-widget_type=\"heading.default\">\n\t\t\t\t<div class=\"elementor-widget-container\">\n\t\t\t\t\t<h2 class=\"elementor-heading-title elementor-size-default\">La cuisine<\/h2>\t\t\t\t<\/div>\n\t\t\t\t<\/div>\n\t\t\t\t<div class=\"elementor-element elementor-element-abdbe1c elementor-widget elementor-widget-text-editor\" data-id=\"abdbe1c\" data-element_type=\"widget\" data-e-type=\"widget\" data-widget_type=\"text-editor.default\">\n\t\t\t\t<div class=\"elementor-widget-container\">\n\t\t\t\t\t\t\t\t\t<p>Une cuisine traditionnelle est pr\u00e9par\u00e9e sur place par le chef cuisinier et son \u00e9quipe. Les repas sont servis en salle \u00e0 manger, \u00e9ventuellement en chambre si le r\u00e9sident le souhaite, ou si son \u00e9tat de sant\u00e9 le n\u00e9cessite.<\/p><p>Les plats sont adapt\u00e9s aux besoins et aux contraintes sp\u00e9cifiques des r\u00e9sidents. La cuisine vise \u00e0 fournir des repas \u00e9quilibr\u00e9s, nutritifs et app\u00e9tissants, tout en tenant compte des \u00e9ventuelles restrictions alimentaires et des pr\u00e9f\u00e9rences individuelles des r\u00e9sidents.<\/p>\t\t\t\t\t\t\t\t<\/div>\n\t\t\t\t<\/div>\n\t\t\t\t<div class=\"elementor-element elementor-element-3b8fb3c elementor-widget elementor-widget-image\" data-id=\"3b8fb3c\" data-element_type=\"widget\" data-e-type=\"widget\" data-settings=\"{&quot;_animation_mobile&quot;:&quot;zoomIn&quot;}\" data-widget_type=\"image.default\">\n\t\t\t\t<div class=\"elementor-widget-container\">\n\t\t\t\t\t\t\t\t\t\t\t\t\t\t\t<img fetchpriority=\"high\" decoding=\"async\" width=\"1170\" height=\"517\" src=\"https:\/\/ehpadrichard.fr\/wp-content\/uploads\/2022\/11\/s0_codee66cd470-b1c3-4fba-8a31-a238d9222189_editor_result438-1170x517.jpg\" class=\"attachment-blossom-spa-blog-classic-full size-blossom-spa-blog-classic-full wp-image-1419\" alt=\"\" \/>\t\t\t\t\t\t\t\t\t\t\t\t\t\t\t<\/div>\n\t\t\t\t<\/div>\n\t\t\t\t<div class=\"elementor-element elementor-element-34e3fa9 elementor-widget elementor-widget-text-editor\" data-id=\"34e3fa9\" data-element_type=\"widget\" data-e-type=\"widget\" data-widget_type=\"text-editor.default\">\n\t\t\t\t<div class=\"elementor-widget-container\">\n\t\t\t\t\t\t\t\t\t<p>Une di\u00e9t\u00e9ticienne veille \u00e0 l&#8217;\u00e9quilibre alimentaire des menus. Les r\u00e9gimes alimentaires font l&#8217;objet d&#8217;une prescription m\u00e9dicale et d&#8217;un suivi particulier.<\/p>\t\t\t\t\t\t\t\t<\/div>\n\t\t\t\t<\/div>\n\t\t\t\t<div class=\"elementor-element elementor-element-68374c3 elementor-widget elementor-widget-spacer\" data-id=\"68374c3\" data-element_type=\"widget\" data-e-type=\"widget\" data-widget_type=\"spacer.default\">\n\t\t\t\t<div class=\"elementor-widget-container\">\n\t\t\t\t\t\t\t<div class=\"elementor-spacer\">\n\t\t\t<div class=\"elementor-spacer-inner\"><\/div>\n\t\t<\/div>\n\t\t\t\t\t\t<\/div>\n\t\t\t\t<\/div>\n\t\t\t\t\t<\/div>\n\t\t<\/div>\n\t\t\t\t\t<\/div>\n\t\t<\/section>\n\t\t\t\t<section class=\"elementor-section elementor-top-section elementor-element elementor-element-55ac34c elementor-section-boxed elementor-section-height-default elementor-section-height-default\" data-id=\"55ac34c\" data-element_type=\"section\" data-e-type=\"section\">\n\t\t\t\t\t\t<div class=\"elementor-container elementor-column-gap-default\">\n\t\t\t\t\t<div class=\"elementor-column elementor-col-50 elementor-top-column elementor-element elementor-element-30f5592\" data-id=\"30f5592\" data-element_type=\"column\" data-e-type=\"column\">\n\t\t\t<div class=\"elementor-widget-wrap elementor-element-populated\">\n\t\t\t\t\t\t<div class=\"elementor-element elementor-element-f97c168 elementor-widget elementor-widget-image\" data-id=\"f97c168\" data-element_type=\"widget\" data-e-type=\"widget\" data-widget_type=\"image.default\">\n\t\t\t\t<div class=\"elementor-widget-container\">\n\t\t\t\t\t\t\t\t\t\t\t\t\t\t\t<img decoding=\"async\" width=\"1920\" height=\"700\" src=\"https:\/\/ehpadrichard.fr\/wp-content\/uploads\/2022\/11\/20200924_021923-1920x700.jpg\" class=\"attachment-blossom-spa-single size-blossom-spa-single wp-image-1359\" alt=\"\" \/>\t\t\t\t\t\t\t\t\t\t\t\t\t\t\t<\/div>\n\t\t\t\t<\/div>\n\t\t\t\t<div class=\"elementor-element elementor-element-1beef01 elementor-widget elementor-widget-image\" data-id=\"1beef01\" data-element_type=\"widget\" data-e-type=\"widget\" data-widget_type=\"image.default\">\n\t\t\t\t<div class=\"elementor-widget-container\">\n\t\t\t\t\t\t\t\t\t\t\t\t\t\t\t<img decoding=\"async\" width=\"1920\" height=\"700\" src=\"https:\/\/ehpadrichard.fr\/wp-content\/uploads\/2022\/09\/20211217_125055-1920x700.jpg\" class=\"attachment-blossom-spa-single size-blossom-spa-single wp-image-1212\" alt=\"\" \/>\t\t\t\t\t\t\t\t\t\t\t\t\t\t\t<\/div>\n\t\t\t\t<\/div>\n\t\t\t\t\t<\/div>\n\t\t<\/div>\n\t\t\t\t<div class=\"elementor-column elementor-col-50 elementor-top-column elementor-element elementor-element-f47f461\" data-id=\"f47f461\" data-element_type=\"column\" data-e-type=\"column\">\n\t\t\t<div class=\"elementor-widget-wrap elementor-element-populated\">\n\t\t\t\t\t\t<div class=\"elementor-element elementor-element-0001792 elementor-widget elementor-widget-spacer\" data-id=\"0001792\" data-element_type=\"widget\" data-e-type=\"widget\" data-widget_type=\"spacer.default\">\n\t\t\t\t<div class=\"elementor-widget-container\">\n\t\t\t\t\t\t\t<div class=\"elementor-spacer\">\n\t\t\t<div class=\"elementor-spacer-inner\"><\/div>\n\t\t<\/div>\n\t\t\t\t\t\t<\/div>\n\t\t\t\t<\/div>\n\t\t\t\t<div class=\"elementor-element elementor-element-9ebefe8 elementor-widget elementor-widget-text-editor\" data-id=\"9ebefe8\" data-element_type=\"widget\" data-e-type=\"widget\" data-widget_type=\"text-editor.default\">\n\t\t\t\t<div class=\"elementor-widget-container\">\n\t\t\t\t\t\t\t\t\t<p>Les horaires des repas :<\/p><ul><li>Petit d\u00e9jeuner : \u00e0 partir de 7h30 (servis en chambre)<\/li><li>D\u00e9jeuner \u00e0 partir de 12h00<\/li><li>Go\u00fbter \u00e0 partir de 15h30<\/li><li>D\u00eener 2 services : \u00e0 partir de 17h45\/18h00 pour les personnes en chambre et \u00e0 partir de 18h45 pour les personnes qui mangent en salle.<\/li><\/ul>\t\t\t\t\t\t\t\t<\/div>\n\t\t\t\t<\/div>\n\t\t\t\t\t<\/div>\n\t\t<\/div>\n\t\t\t\t\t<\/div>\n\t\t<\/section>\n\t\t\t\t<section class=\"elementor-section elementor-top-section elementor-element elementor-element-bb75034 elementor-section-boxed elementor-section-height-default elementor-section-height-default\" data-id=\"bb75034\" data-element_type=\"section\" data-e-type=\"section\">\n\t\t\t\t\t\t<div class=\"elementor-container elementor-column-gap-default\">\n\t\t\t\t\t<div class=\"elementor-column elementor-col-100 elementor-top-column elementor-element elementor-element-e8db926\" data-id=\"e8db926\" data-element_type=\"column\" data-e-type=\"column\">\n\t\t\t<div class=\"elementor-widget-wrap elementor-element-populated\">\n\t\t\t\t\t\t<div class=\"elementor-element elementor-element-53c5b87 elementor-widget elementor-widget-text-editor\" data-id=\"53c5b87\" data-element_type=\"widget\" data-e-type=\"widget\" data-widget_type=\"text-editor.default\">\n\t\t\t\t<div class=\"elementor-widget-container\">\n\t\t\t\t\t\t\t\t\t<p>Un salon des familles, o\u00f9 sont servis les repas des &#8220;visiteurs&#8221;, est \u00e0 la disposition des r\u00e9sidents d\u00e9sirant inviter parents ou amis \u00e0 partager leur repas.<\/p>\t\t\t\t\t\t\t\t<\/div>\n\t\t\t\t<\/div>\n\t\t\t\t<div class=\"elementor-element elementor-element-5af2ba6 elementor-widget elementor-widget-image\" data-id=\"5af2ba6\" data-element_type=\"widget\" data-e-type=\"widget\" data-widget_type=\"image.default\">\n\t\t\t\t<div class=\"elementor-widget-container\">\n\t\t\t\t\t\t\t\t\t\t\t\t\t\t\t<img loading=\"lazy\" decoding=\"async\" width=\"1920\" height=\"700\" src=\"https:\/\/ehpadrichard.fr\/wp-content\/uploads\/2022\/09\/20220929_113237-1920x700.jpg\" class=\"attachment-blossom-spa-single size-blossom-spa-single wp-image-1224\" alt=\"\" \/>\t\t\t\t\t\t\t\t\t\t\t\t\t\t\t<\/div>\n\t\t\t\t<\/div>\n\t\t\t\t\t<\/div>\n\t\t<\/div>\n\t\t\t\t\t<\/div>\n\t\t<\/section>\n\t\t\t\t<\/div>\n\t\t","protected":false},"excerpt":{"rendered":"<p>La cuisine Une cuisine traditionnelle est pr\u00e9par\u00e9e sur place par le chef cuisinier et son \u00e9quipe. Les repas sont servis en salle \u00e0 manger, \u00e9ventuellement en chambre si le r\u00e9sident &hellip; <\/p>\n","protected":false},"author":1,"featured_media":1195,"parent":0,"menu_order":0,"comment_status":"closed","ping_status":"closed","template":"","meta":{"footnotes":""},"class_list":["post-74","page","type-page","status-publish","has-post-thumbnail","hentry"],"yoast_head":"<!-- This site is optimized with the Yoast SEO plugin v27.1.1 - https:\/\/yoast.com\/product\/yoast-seo-wordpress\/ -->\n<title>Repas - P\u00f4le G\u00e9rontologique EHPAD Public Richard<\/title>\n<meta name=\"robots\" content=\"index, follow, max-snippet:-1, max-image-preview:large, max-video-preview:-1\" \/>\n<link rel=\"canonical\" href=\"https:\/\/ehpadrichard.fr\/index.php\/repas\/\" \/>\n<meta property=\"og:locale\" content=\"en_US\" \/>\n<meta property=\"og:type\" content=\"article\" \/>\n<meta property=\"og:title\" content=\"Repas - P\u00f4le G\u00e9rontologique EHPAD Public Richard\" \/>\n<meta property=\"og:description\" content=\"La cuisine Une cuisine traditionnelle est pr\u00e9par\u00e9e sur place par le chef cuisinier et son \u00e9quipe. Les repas sont servis en salle \u00e0 manger, \u00e9ventuellement en chambre si le r\u00e9sident &hellip;\" \/>\n<meta property=\"og:url\" content=\"https:\/\/ehpadrichard.fr\/index.php\/repas\/\" \/>\n<meta property=\"og:site_name\" content=\"P\u00f4le G\u00e9rontologique EHPAD Public Richard\" \/>\n<meta property=\"article:modified_time\" content=\"2023-05-25T09:21:28+00:00\" \/>\n<meta property=\"og:image\" content=\"https:\/\/ehpadrichard.fr\/wp-content\/uploads\/2022\/09\/20220929_095415-scaled.jpg\" \/>\n\t<meta property=\"og:image:width\" content=\"1920\" \/>\n\t<meta property=\"og:image:height\" content=\"2560\" \/>\n\t<meta property=\"og:image:type\" content=\"image\/jpeg\" \/>\n<meta name=\"twitter:card\" content=\"summary_large_image\" \/>\n<meta name=\"twitter:label1\" content=\"Est. reading time\" \/>\n\t<meta name=\"twitter:data1\" content=\"2 minutes\" \/>\n<script type=\"application\/ld+json\" class=\"yoast-schema-graph\">{\"@context\":\"https:\/\/schema.org\",\"@graph\":[{\"@type\":\"WebPage\",\"@id\":\"https:\/\/ehpadrichard.fr\/index.php\/repas\/\",\"url\":\"https:\/\/ehpadrichard.fr\/index.php\/repas\/\",\"name\":\"Repas - P\u00f4le G\u00e9rontologique EHPAD Public Richard\",\"isPartOf\":{\"@id\":\"https:\/\/ehpadrichard.fr\/#website\"},\"primaryImageOfPage\":{\"@id\":\"https:\/\/ehpadrichard.fr\/index.php\/repas\/#primaryimage\"},\"image\":{\"@id\":\"https:\/\/ehpadrichard.fr\/index.php\/repas\/#primaryimage\"},\"thumbnailUrl\":\"https:\/\/ehpadrichard.fr\/wp-content\/uploads\/2022\/09\/20220929_095415-scaled.jpg\",\"datePublished\":\"2021-03-20T18:02:42+00:00\",\"dateModified\":\"2023-05-25T09:21:28+00:00\",\"breadcrumb\":{\"@id\":\"https:\/\/ehpadrichard.fr\/index.php\/repas\/#breadcrumb\"},\"inLanguage\":\"en-US\",\"potentialAction\":[{\"@type\":\"ReadAction\",\"target\":[\"https:\/\/ehpadrichard.fr\/index.php\/repas\/\"]}]},{\"@type\":\"ImageObject\",\"inLanguage\":\"en-US\",\"@id\":\"https:\/\/ehpadrichard.fr\/index.php\/repas\/#primaryimage\",\"url\":\"https:\/\/ehpadrichard.fr\/wp-content\/uploads\/2022\/09\/20220929_095415-scaled.jpg\",\"contentUrl\":\"https:\/\/ehpadrichard.fr\/wp-content\/uploads\/2022\/09\/20220929_095415-scaled.jpg\",\"width\":1920,\"height\":2560},{\"@type\":\"BreadcrumbList\",\"@id\":\"https:\/\/ehpadrichard.fr\/index.php\/repas\/#breadcrumb\",\"itemListElement\":[{\"@type\":\"ListItem\",\"position\":1,\"name\":\"Accueil\",\"item\":\"https:\/\/ehpadrichard.fr\/\"},{\"@type\":\"ListItem\",\"position\":2,\"name\":\"Repas\"}]},{\"@type\":\"WebSite\",\"@id\":\"https:\/\/ehpadrichard.fr\/#website\",\"url\":\"https:\/\/ehpadrichard.fr\/\",\"name\":\"P\u00f4le G\u00e9rontologique EHPAD Public Richard\",\"description\":\"2 Boulevard Richard Garnier 78700 Conflans-Sainte-Honorine\",\"potentialAction\":[{\"@type\":\"SearchAction\",\"target\":{\"@type\":\"EntryPoint\",\"urlTemplate\":\"https:\/\/ehpadrichard.fr\/?s={search_term_string}\"},\"query-input\":{\"@type\":\"PropertyValueSpecification\",\"valueRequired\":true,\"valueName\":\"search_term_string\"}}],\"inLanguage\":\"en-US\"}]}<\/script>\n<!-- \/ Yoast SEO plugin. -->","yoast_head_json":{"title":"Repas - P\u00f4le G\u00e9rontologique EHPAD Public Richard","robots":{"index":"index","follow":"follow","max-snippet":"max-snippet:-1","max-image-preview":"max-image-preview:large","max-video-preview":"max-video-preview:-1"},"canonical":"https:\/\/ehpadrichard.fr\/index.php\/repas\/","og_locale":"en_US","og_type":"article","og_title":"Repas - P\u00f4le G\u00e9rontologique EHPAD Public Richard","og_description":"La cuisine Une cuisine traditionnelle est pr\u00e9par\u00e9e sur place par le chef cuisinier et son \u00e9quipe. Les repas sont servis en salle \u00e0 manger, \u00e9ventuellement en chambre si le r\u00e9sident &hellip;","og_url":"https:\/\/ehpadrichard.fr\/index.php\/repas\/","og_site_name":"P\u00f4le G\u00e9rontologique EHPAD Public Richard","article_modified_time":"2023-05-25T09:21:28+00:00","og_image":[{"width":1920,"height":2560,"url":"https:\/\/ehpadrichard.fr\/wp-content\/uploads\/2022\/09\/20220929_095415-scaled.jpg","type":"image\/jpeg"}],"twitter_card":"summary_large_image","twitter_misc":{"Est. reading time":"2 minutes"},"schema":{"@context":"https:\/\/schema.org","@graph":[{"@type":"WebPage","@id":"https:\/\/ehpadrichard.fr\/index.php\/repas\/","url":"https:\/\/ehpadrichard.fr\/index.php\/repas\/","name":"Repas - P\u00f4le G\u00e9rontologique EHPAD Public Richard","isPartOf":{"@id":"https:\/\/ehpadrichard.fr\/#website"},"primaryImageOfPage":{"@id":"https:\/\/ehpadrichard.fr\/index.php\/repas\/#primaryimage"},"image":{"@id":"https:\/\/ehpadrichard.fr\/index.php\/repas\/#primaryimage"},"thumbnailUrl":"https:\/\/ehpadrichard.fr\/wp-content\/uploads\/2022\/09\/20220929_095415-scaled.jpg","datePublished":"2021-03-20T18:02:42+00:00","dateModified":"2023-05-25T09:21:28+00:00","breadcrumb":{"@id":"https:\/\/ehpadrichard.fr\/index.php\/repas\/#breadcrumb"},"inLanguage":"en-US","potentialAction":[{"@type":"ReadAction","target":["https:\/\/ehpadrichard.fr\/index.php\/repas\/"]}]},{"@type":"ImageObject","inLanguage":"en-US","@id":"https:\/\/ehpadrichard.fr\/index.php\/repas\/#primaryimage","url":"https:\/\/ehpadrichard.fr\/wp-content\/uploads\/2022\/09\/20220929_095415-scaled.jpg","contentUrl":"https:\/\/ehpadrichard.fr\/wp-content\/uploads\/2022\/09\/20220929_095415-scaled.jpg","width":1920,"height":2560},{"@type":"BreadcrumbList","@id":"https:\/\/ehpadrichard.fr\/index.php\/repas\/#breadcrumb","itemListElement":[{"@type":"ListItem","position":1,"name":"Accueil","item":"https:\/\/ehpadrichard.fr\/"},{"@type":"ListItem","position":2,"name":"Repas"}]},{"@type":"WebSite","@id":"https:\/\/ehpadrichard.fr\/#website","url":"https:\/\/ehpadrichard.fr\/","name":"P\u00f4le G\u00e9rontologique EHPAD Public Richard","description":"2 Boulevard Richard Garnier 78700 Conflans-Sainte-Honorine","potentialAction":[{"@type":"SearchAction","target":{"@type":"EntryPoint","urlTemplate":"https:\/\/ehpadrichard.fr\/?s={search_term_string}"},"query-input":{"@type":"PropertyValueSpecification","valueRequired":true,"valueName":"search_term_string"}}],"inLanguage":"en-US"}]}},"_links":{"self":[{"href":"https:\/\/ehpadrichard.fr\/index.php\/wp-json\/wp\/v2\/pages\/74","targetHints":{"allow":["GET"]}}],"collection":[{"href":"https:\/\/ehpadrichard.fr\/index.php\/wp-json\/wp\/v2\/pages"}],"about":[{"href":"https:\/\/ehpadrichard.fr\/index.php\/wp-json\/wp\/v2\/types\/page"}],"author":[{"embeddable":true,"href":"https:\/\/ehpadrichard.fr\/index.php\/wp-json\/wp\/v2\/users\/1"}],"replies":[{"embeddable":true,"href":"https:\/\/ehpadrichard.fr\/index.php\/wp-json\/wp\/v2\/comments?post=74"}],"version-history":[{"count":145,"href":"https:\/\/ehpadrichard.fr\/index.php\/wp-json\/wp\/v2\/pages\/74\/revisions"}],"predecessor-version":[{"id":1963,"href":"https:\/\/ehpadrichard.fr\/index.php\/wp-json\/wp\/v2\/pages\/74\/revisions\/1963"}],"wp:featuredmedia":[{"embeddable":true,"href":"https:\/\/ehpadrichard.fr\/index.php\/wp-json\/wp\/v2\/media\/1195"}],"wp:attachment":[{"href":"https:\/\/ehpadrichard.fr\/index.php\/wp-json\/wp\/v2\/media?parent=74"}],"curies":[{"name":"wp","href":"https:\/\/api.w.org\/{rel}","templated":true}]}}