{"id":745,"date":"2022-06-06T18:28:09","date_gmt":"2022-06-06T16:28:09","guid":{"rendered":"http:\/\/ehpadrichard.fr\/?page_id=745"},"modified":"2025-09-19T16:52:11","modified_gmt":"2025-09-19T14:52:11","slug":"presentation-de-letablissement","status":"publish","type":"page","link":"https:\/\/ehpadrichard.fr\/index.php\/presentation-de-letablissement\/","title":{"rendered":"Pr\u00e9sentation de l&#8217;Etablissement"},"content":{"rendered":"\t\t<div data-elementor-type=\"wp-page\" data-elementor-id=\"745\" class=\"elementor elementor-745\">\n\t\t\t\t\t\t<section class=\"elementor-section elementor-top-section elementor-element elementor-element-3b33896 elementor-section-boxed elementor-section-height-default elementor-section-height-default\" data-id=\"3b33896\" data-element_type=\"section\" data-e-type=\"section\">\n\t\t\t\t\t\t<div class=\"elementor-container elementor-column-gap-default\">\n\t\t\t\t\t<div class=\"elementor-column elementor-col-50 elementor-top-column elementor-element elementor-element-2a5a5c5\" data-id=\"2a5a5c5\" data-element_type=\"column\" data-e-type=\"column\" data-settings=\"{&quot;background_background&quot;:&quot;classic&quot;}\">\n\t\t\t<div class=\"elementor-widget-wrap elementor-element-populated\">\n\t\t\t\t\t\t<section class=\"elementor-section elementor-inner-section elementor-element elementor-element-eed0155 elementor-section-boxed elementor-section-height-default elementor-section-height-default\" data-id=\"eed0155\" data-element_type=\"section\" data-e-type=\"section\">\n\t\t\t\t\t\t<div class=\"elementor-container elementor-column-gap-default\">\n\t\t\t\t\t<div class=\"elementor-column elementor-col-100 elementor-inner-column elementor-element elementor-element-f14da83\" data-id=\"f14da83\" data-element_type=\"column\" data-e-type=\"column\" data-settings=\"{&quot;background_background&quot;:&quot;gradient&quot;}\">\n\t\t\t<div class=\"elementor-widget-wrap elementor-element-populated\">\n\t\t\t\t\t\t<div class=\"elementor-element elementor-element-35a8828 elementor-widget elementor-widget-heading\" data-id=\"35a8828\" data-element_type=\"widget\" data-e-type=\"widget\" data-widget_type=\"heading.default\">\n\t\t\t\t<div class=\"elementor-widget-container\">\n\t\t\t\t\t<h5 class=\"elementor-heading-title elementor-size-default\">Situation :<\/h5>\t\t\t\t<\/div>\n\t\t\t\t<\/div>\n\t\t\t\t\t<\/div>\n\t\t<\/div>\n\t\t\t\t\t<\/div>\n\t\t<\/section>\n\t\t\t\t<div class=\"elementor-element elementor-element-38e4c04 elementor-widget elementor-widget-text-editor\" data-id=\"38e4c04\" data-element_type=\"widget\" data-e-type=\"widget\" data-widget_type=\"text-editor.default\">\n\t\t\t\t<div class=\"elementor-widget-container\">\n\t\t\t\t\t\t\t\t\t<p>Situ\u00e9 dans le d\u00e9partement des Yvelines, \u00e0 la limite du Val d\u2019Oise, \u00e0 35 Km du centre de Paris, l\u2019\u00e9tablissement est\u00a0 accessible par les transports en commun (\u00e0 5 minutes de la gare SNCF), par bus et pour les habitants de la ville de Conflans-Ste-Honorine par le Bus Phone. L\u2019EHPAD est implant\u00e9 pr\u00e8s du centre ville et des commerces, \u00e0 proximit\u00e9 du Parc Municipal du Prieur\u00e9. Il associe un b\u00e2timent datant de 1905 \u00e0 des constructions plus contemporaines dans un parc de verdure en zone calme et r\u00e9sidentielle. Cet \u00e9tablissement dispose d\u2019une capacit\u00e9 de 197 lits d\u2019h\u00e9bergement.<\/p>\t\t\t\t\t\t\t\t<\/div>\n\t\t\t\t<\/div>\n\t\t\t\t\t<\/div>\n\t\t<\/div>\n\t\t\t\t<div class=\"elementor-column elementor-col-50 elementor-top-column elementor-element elementor-element-feeaf3d\" data-id=\"feeaf3d\" data-element_type=\"column\" data-e-type=\"column\">\n\t\t\t<div class=\"elementor-widget-wrap elementor-element-populated\">\n\t\t\t\t\t\t<div class=\"elementor-element elementor-element-dc1033e elementor-widget elementor-widget-google_maps\" data-id=\"dc1033e\" data-element_type=\"widget\" data-e-type=\"widget\" data-widget_type=\"google_maps.default\">\n\t\t\t\t<div class=\"elementor-widget-container\">\n\t\t\t\t\t\t\t<div class=\"elementor-custom-embed\">\n\t\t\t<iframe loading=\"lazy\"\n\t\t\t\t\tsrc=\"https:\/\/maps.google.com\/maps?q=2%20BD%20Richard%20Garnier&#038;t=m&#038;z=13&#038;output=embed&#038;iwloc=near\"\n\t\t\t\t\ttitle=\"2 BD Richard Garnier\"\n\t\t\t\t\taria-label=\"2 BD Richard Garnier\"\n\t\t\t><\/iframe>\n\t\t<\/div>\n\t\t\t\t\t\t<\/div>\n\t\t\t\t<\/div>\n\t\t\t\t\t<\/div>\n\t\t<\/div>\n\t\t\t\t\t<\/div>\n\t\t<\/section>\n\t\t\t\t<section class=\"elementor-section elementor-top-section elementor-element elementor-element-e0b1204 elementor-section-boxed elementor-section-height-default elementor-section-height-default\" data-id=\"e0b1204\" data-element_type=\"section\" data-e-type=\"section\">\n\t\t\t\t\t\t<div class=\"elementor-container elementor-column-gap-default\">\n\t\t\t\t\t<div class=\"elementor-column elementor-col-50 elementor-top-column elementor-element elementor-element-6e35965\" data-id=\"6e35965\" data-element_type=\"column\" data-e-type=\"column\">\n\t\t\t<div class=\"elementor-widget-wrap elementor-element-populated\">\n\t\t\t\t\t\t<div class=\"elementor-element elementor-element-ac1bf6e elementor-widget elementor-widget-spacer\" data-id=\"ac1bf6e\" data-element_type=\"widget\" data-e-type=\"widget\" data-widget_type=\"spacer.default\">\n\t\t\t\t<div class=\"elementor-widget-container\">\n\t\t\t\t\t\t\t<div class=\"elementor-spacer\">\n\t\t\t<div class=\"elementor-spacer-inner\"><\/div>\n\t\t<\/div>\n\t\t\t\t\t\t<\/div>\n\t\t\t\t<\/div>\n\t\t\t\t<section class=\"elementor-section elementor-inner-section elementor-element elementor-element-f326c82 elementor-section-boxed elementor-section-height-default elementor-section-height-default\" data-id=\"f326c82\" data-element_type=\"section\" data-e-type=\"section\">\n\t\t\t\t\t\t<div class=\"elementor-container elementor-column-gap-default\">\n\t\t\t\t\t<div class=\"elementor-column elementor-col-100 elementor-inner-column elementor-element elementor-element-eaff542\" data-id=\"eaff542\" data-element_type=\"column\" data-e-type=\"column\" data-settings=\"{&quot;background_background&quot;:&quot;classic&quot;}\">\n\t\t\t<div class=\"elementor-widget-wrap elementor-element-populated\">\n\t\t\t\t\t\t<div class=\"elementor-element elementor-element-5953f1d elementor-widget elementor-widget-heading\" data-id=\"5953f1d\" data-element_type=\"widget\" data-e-type=\"widget\" data-widget_type=\"heading.default\">\n\t\t\t\t<div class=\"elementor-widget-container\">\n\t\t\t\t\t<h5 class=\"elementor-heading-title elementor-size-default\">Histoire :<\/h5>\t\t\t\t<\/div>\n\t\t\t\t<\/div>\n\t\t\t\t<div class=\"elementor-element elementor-element-60253de elementor-widget elementor-widget-text-editor\" data-id=\"60253de\" data-element_type=\"widget\" data-e-type=\"widget\" data-widget_type=\"text-editor.default\">\n\t\t\t\t<div class=\"elementor-widget-container\">\n\t\t\t\t\t\t\t\t\t<p>Par testament du 4 avril 1893, Madame Richard, n\u00e9e Garnier l\u00e8gue la totalit\u00e9 de ses biens \u00e0 la commune de Conflans-Ste-Honorine, \u00e0 charge de fonder un hospice destin\u00e9 \u00e0 recueillir et secourir les vieillards et indigents malades et infirmes. La c\u00e9r\u00e9monie de pose de la premi\u00e8re pierre a eu lieu en Mai 1903, l\u2019ouverture officielle, le 1 Mai 1905. A ses d\u00e9buts, l\u2019\u00e9tablissement compte 11 pensionnaires et 4 malades. Tr\u00e8s vite il se r\u00e9v\u00e8le insuffisant et fait l\u2019objet de plusieurs agrandissements et modernisations. Class\u00e9 \u00e0 l\u2019origine dans la cat\u00e9gorie H\u00f4pital-Hospice, sa transformation en Maison de Retraite Publique M\u00e9dicalis\u00e9e date de 1982. Depuis le 30 D\u00e9cembre 2002, l\u2019\u00e9tablissement est selon la loi de 2002, un Etablissement d\u2019H\u00e9bergement pour Personnes \u00c2g\u00e9es D\u00e9pendantes (EHPAD)<\/p>\t\t\t\t\t\t\t\t<\/div>\n\t\t\t\t<\/div>\n\t\t\t\t\t<\/div>\n\t\t<\/div>\n\t\t\t\t\t<\/div>\n\t\t<\/section>\n\t\t\t\t\t<\/div>\n\t\t<\/div>\n\t\t\t\t<div class=\"elementor-column elementor-col-50 elementor-top-column elementor-element elementor-element-c829948\" data-id=\"c829948\" data-element_type=\"column\" data-e-type=\"column\">\n\t\t\t<div class=\"elementor-widget-wrap elementor-element-populated\">\n\t\t\t\t\t\t<div class=\"elementor-element elementor-element-2f135ef elementor-widget elementor-widget-spacer\" data-id=\"2f135ef\" data-element_type=\"widget\" data-e-type=\"widget\" data-widget_type=\"spacer.default\">\n\t\t\t\t<div class=\"elementor-widget-container\">\n\t\t\t\t\t\t\t<div class=\"elementor-spacer\">\n\t\t\t<div class=\"elementor-spacer-inner\"><\/div>\n\t\t<\/div>\n\t\t\t\t\t\t<\/div>\n\t\t\t\t<\/div>\n\t\t\t\t<div class=\"elementor-element elementor-element-88e6c05 elementor-widget elementor-widget-image\" data-id=\"88e6c05\" data-element_type=\"widget\" data-e-type=\"widget\" data-widget_type=\"image.default\">\n\t\t\t\t<div class=\"elementor-widget-container\">\n\t\t\t\t\t\t\t\t\t\t\t\t\t\t\t<img fetchpriority=\"high\" decoding=\"async\" width=\"1024\" height=\"744\" src=\"https:\/\/ehpadrichard.fr\/wp-content\/uploads\/2022\/06\/photo-maison-de-retraite-001-1024x744.jpg\" class=\"attachment-large size-large wp-image-756\" alt=\"\" srcset=\"https:\/\/ehpadrichard.fr\/wp-content\/uploads\/2022\/06\/photo-maison-de-retraite-001-1024x744.jpg 1024w, https:\/\/ehpadrichard.fr\/wp-content\/uploads\/2022\/06\/photo-maison-de-retraite-001-300x218.jpg 300w, https:\/\/ehpadrichard.fr\/wp-content\/uploads\/2022\/06\/photo-maison-de-retraite-001-768x558.jpg 768w, https:\/\/ehpadrichard.fr\/wp-content\/uploads\/2022\/06\/photo-maison-de-retraite-001-1536x1116.jpg 1536w, https:\/\/ehpadrichard.fr\/wp-content\/uploads\/2022\/06\/photo-maison-de-retraite-001-83x60.jpg 83w, https:\/\/ehpadrichard.fr\/wp-content\/uploads\/2022\/06\/photo-maison-de-retraite-001.jpg 1755w\" sizes=\"(max-width: 1024px) 100vw, 1024px\" \/>\t\t\t\t\t\t\t\t\t\t\t\t\t\t\t<\/div>\n\t\t\t\t<\/div>\n\t\t\t\t<div class=\"elementor-element elementor-element-fb11855 elementor-widget elementor-widget-image\" data-id=\"fb11855\" data-element_type=\"widget\" data-e-type=\"widget\" data-widget_type=\"image.default\">\n\t\t\t\t<div class=\"elementor-widget-container\">\n\t\t\t\t\t\t\t\t\t\t\t\t\t\t\t<img decoding=\"async\" width=\"1170\" height=\"517\" src=\"https:\/\/ehpadrichard.fr\/wp-content\/uploads\/2021\/03\/1000017img1-1170x517.jpg\" class=\"attachment-blossom-spa-blog-classic-full size-blossom-spa-blog-classic-full wp-image-231\" alt=\"\" \/>\t\t\t\t\t\t\t\t\t\t\t\t\t\t\t<\/div>\n\t\t\t\t<\/div>\n\t\t\t\t\t<\/div>\n\t\t<\/div>\n\t\t\t\t\t<\/div>\n\t\t<\/section>\n\t\t\t\t<section class=\"elementor-section elementor-top-section elementor-element elementor-element-e2a81cb elementor-section-boxed elementor-section-height-default elementor-section-height-default\" data-id=\"e2a81cb\" data-element_type=\"section\" data-e-type=\"section\">\n\t\t\t\t\t\t<div class=\"elementor-container elementor-column-gap-default\">\n\t\t\t\t\t<div class=\"elementor-column elementor-col-100 elementor-top-column elementor-element elementor-element-f98f7b5\" data-id=\"f98f7b5\" data-element_type=\"column\" data-e-type=\"column\" data-settings=\"{&quot;background_background&quot;:&quot;classic&quot;}\">\n\t\t\t<div class=\"elementor-widget-wrap elementor-element-populated\">\n\t\t\t\t\t\t<div class=\"elementor-element elementor-element-f4dfc39 elementor-widget elementor-widget-spacer\" data-id=\"f4dfc39\" data-element_type=\"widget\" data-e-type=\"widget\" data-widget_type=\"spacer.default\">\n\t\t\t\t<div class=\"elementor-widget-container\">\n\t\t\t\t\t\t\t<div class=\"elementor-spacer\">\n\t\t\t<div class=\"elementor-spacer-inner\"><\/div>\n\t\t<\/div>\n\t\t\t\t\t\t<\/div>\n\t\t\t\t<\/div>\n\t\t\t\t<div class=\"elementor-element elementor-element-4f59634 elementor-widget elementor-widget-heading\" data-id=\"4f59634\" data-element_type=\"widget\" data-e-type=\"widget\" data-widget_type=\"heading.default\">\n\t\t\t\t<div class=\"elementor-widget-container\">\n\t\t\t\t\t<h5 class=\"elementor-heading-title elementor-size-default\">Statut et fonctionnement :<\/h5>\t\t\t\t<\/div>\n\t\t\t\t<\/div>\n\t\t\t\t<div class=\"elementor-element elementor-element-4a1afb9 elementor-widget elementor-widget-text-editor\" data-id=\"4a1afb9\" data-element_type=\"widget\" data-e-type=\"widget\" data-widget_type=\"text-editor.default\">\n\t\t\t\t<div class=\"elementor-widget-container\">\n\t\t\t\t\t\t\t\t\t<p>L\u2019EHPAD Richard est un \u00e9tablissement public, administr\u00e9 par un Conseil d\u2019Administration de 12 membres, pr\u00e9sid\u00e9 par le Maire de Conflans-Ste-Honorine. Il est dirig\u00e9 par une directrice, nomm\u00e9e par arr\u00eat\u00e9 du Ministre de la Sant\u00e9, responsable du bon fonctionnement de l\u2019\u00e9tablissement.<\/p><p>La fonction de comptable est assur\u00e9e par la tr\u00e9sorerie principale de Poissy. Environ 200 membres du\u00a0 personnel\u00a0 travaillent au sein du P\u00f4le G\u00e9rontologique Richard dont environ 160 agents dans l\u2019EHPAD pour assurer un s\u00e9jour agr\u00e9able et des soins de qualit\u00e9 aux r\u00e9sidents (personnel soignant, m\u00e9dical, administratif, d\u2019animation, technique, logistique, restauration, blanchisserie, h\u00f4tellerie).<\/p><p>Au cours de son s\u00e9jour, le r\u00e9sident, accompagn\u00e9 de sa famille, s\u2019il le souhaite, peut rencontrer la Directrice, les m\u00e9decins, le personnel d\u2019encadrement des diff\u00e9rents services en se manifestant aupr\u00e8s de l\u2019accueil.<\/p>\t\t\t\t\t\t\t\t<\/div>\n\t\t\t\t<\/div>\n\t\t\t\t\t<\/div>\n\t\t<\/div>\n\t\t\t\t\t<\/div>\n\t\t<\/section>\n\t\t\t\t<\/div>\n\t\t","protected":false},"excerpt":{"rendered":"<p>Situation : Situ\u00e9 dans le d\u00e9partement des Yvelines, \u00e0 la limite du Val d\u2019Oise, \u00e0 35 Km du centre de Paris, l\u2019\u00e9tablissement est\u00a0 accessible par les transports en commun (\u00e0 &hellip; <\/p>\n","protected":false},"author":1,"featured_media":229,"parent":0,"menu_order":0,"comment_status":"closed","ping_status":"closed","template":"","meta":{"footnotes":""},"class_list":["post-745","page","type-page","status-publish","has-post-thumbnail","hentry"],"yoast_head":"<!-- This site is optimized with the Yoast SEO plugin v27.1.1 - https:\/\/yoast.com\/product\/yoast-seo-wordpress\/ -->\n<title>Pr\u00e9sentation de l&#039;Etablissement - P\u00f4le G\u00e9rontologique EHPAD Public Richard<\/title>\n<meta name=\"robots\" content=\"index, follow, max-snippet:-1, max-image-preview:large, max-video-preview:-1\" \/>\n<link rel=\"canonical\" href=\"https:\/\/ehpadrichard.fr\/index.php\/presentation-de-letablissement\/\" \/>\n<meta property=\"og:locale\" content=\"en_US\" \/>\n<meta property=\"og:type\" content=\"article\" \/>\n<meta property=\"og:title\" content=\"Pr\u00e9sentation de l&#039;Etablissement - P\u00f4le G\u00e9rontologique EHPAD Public Richard\" \/>\n<meta property=\"og:description\" content=\"Situation : Situ\u00e9 dans le d\u00e9partement des Yvelines, \u00e0 la limite du Val d\u2019Oise, \u00e0 35 Km du centre de Paris, l\u2019\u00e9tablissement est\u00a0 accessible par les transports en commun (\u00e0 &hellip;\" \/>\n<meta property=\"og:url\" content=\"https:\/\/ehpadrichard.fr\/index.php\/presentation-de-letablissement\/\" \/>\n<meta property=\"og:site_name\" content=\"P\u00f4le G\u00e9rontologique EHPAD Public Richard\" \/>\n<meta property=\"article:modified_time\" content=\"2025-09-19T14:52:11+00:00\" \/>\n<meta property=\"og:image\" content=\"https:\/\/ehpadrichard.fr\/wp-content\/uploads\/2021\/03\/100-0019_IMG.jpg\" \/>\n\t<meta property=\"og:image:width\" content=\"2272\" \/>\n\t<meta property=\"og:image:height\" content=\"1704\" \/>\n\t<meta property=\"og:image:type\" content=\"image\/jpeg\" \/>\n<meta name=\"twitter:card\" content=\"summary_large_image\" \/>\n<meta name=\"twitter:label1\" content=\"Est. reading time\" \/>\n\t<meta name=\"twitter:data1\" content=\"1 minute\" \/>\n<script type=\"application\/ld+json\" class=\"yoast-schema-graph\">{\"@context\":\"https:\/\/schema.org\",\"@graph\":[{\"@type\":\"WebPage\",\"@id\":\"https:\/\/ehpadrichard.fr\/index.php\/presentation-de-letablissement\/\",\"url\":\"https:\/\/ehpadrichard.fr\/index.php\/presentation-de-letablissement\/\",\"name\":\"Pr\u00e9sentation de l'Etablissement - P\u00f4le G\u00e9rontologique EHPAD Public Richard\",\"isPartOf\":{\"@id\":\"https:\/\/ehpadrichard.fr\/#website\"},\"primaryImageOfPage\":{\"@id\":\"https:\/\/ehpadrichard.fr\/index.php\/presentation-de-letablissement\/#primaryimage\"},\"image\":{\"@id\":\"https:\/\/ehpadrichard.fr\/index.php\/presentation-de-letablissement\/#primaryimage\"},\"thumbnailUrl\":\"https:\/\/ehpadrichard.fr\/wp-content\/uploads\/2021\/03\/100-0019_IMG.jpg\",\"datePublished\":\"2022-06-06T16:28:09+00:00\",\"dateModified\":\"2025-09-19T14:52:11+00:00\",\"breadcrumb\":{\"@id\":\"https:\/\/ehpadrichard.fr\/index.php\/presentation-de-letablissement\/#breadcrumb\"},\"inLanguage\":\"en-US\",\"potentialAction\":[{\"@type\":\"ReadAction\",\"target\":[\"https:\/\/ehpadrichard.fr\/index.php\/presentation-de-letablissement\/\"]}]},{\"@type\":\"ImageObject\",\"inLanguage\":\"en-US\",\"@id\":\"https:\/\/ehpadrichard.fr\/index.php\/presentation-de-letablissement\/#primaryimage\",\"url\":\"https:\/\/ehpadrichard.fr\/wp-content\/uploads\/2021\/03\/100-0019_IMG.jpg\",\"contentUrl\":\"https:\/\/ehpadrichard.fr\/wp-content\/uploads\/2021\/03\/100-0019_IMG.jpg\",\"width\":2272,\"height\":1704},{\"@type\":\"BreadcrumbList\",\"@id\":\"https:\/\/ehpadrichard.fr\/index.php\/presentation-de-letablissement\/#breadcrumb\",\"itemListElement\":[{\"@type\":\"ListItem\",\"position\":1,\"name\":\"Accueil\",\"item\":\"https:\/\/ehpadrichard.fr\/\"},{\"@type\":\"ListItem\",\"position\":2,\"name\":\"Pr\u00e9sentation de l&rsquo;Etablissement\"}]},{\"@type\":\"WebSite\",\"@id\":\"https:\/\/ehpadrichard.fr\/#website\",\"url\":\"https:\/\/ehpadrichard.fr\/\",\"name\":\"P\u00f4le G\u00e9rontologique EHPAD Public Richard\",\"description\":\"2 Boulevard Richard Garnier 78700 Conflans-Sainte-Honorine\",\"potentialAction\":[{\"@type\":\"SearchAction\",\"target\":{\"@type\":\"EntryPoint\",\"urlTemplate\":\"https:\/\/ehpadrichard.fr\/?s={search_term_string}\"},\"query-input\":{\"@type\":\"PropertyValueSpecification\",\"valueRequired\":true,\"valueName\":\"search_term_string\"}}],\"inLanguage\":\"en-US\"}]}<\/script>\n<!-- \/ Yoast SEO plugin. -->","yoast_head_json":{"title":"Pr\u00e9sentation de l'Etablissement - P\u00f4le G\u00e9rontologique EHPAD Public Richard","robots":{"index":"index","follow":"follow","max-snippet":"max-snippet:-1","max-image-preview":"max-image-preview:large","max-video-preview":"max-video-preview:-1"},"canonical":"https:\/\/ehpadrichard.fr\/index.php\/presentation-de-letablissement\/","og_locale":"en_US","og_type":"article","og_title":"Pr\u00e9sentation de l'Etablissement - P\u00f4le G\u00e9rontologique EHPAD Public Richard","og_description":"Situation : Situ\u00e9 dans le d\u00e9partement des Yvelines, \u00e0 la limite du Val d\u2019Oise, \u00e0 35 Km du centre de Paris, l\u2019\u00e9tablissement est\u00a0 accessible par les transports en commun (\u00e0 &hellip;","og_url":"https:\/\/ehpadrichard.fr\/index.php\/presentation-de-letablissement\/","og_site_name":"P\u00f4le G\u00e9rontologique EHPAD Public Richard","article_modified_time":"2025-09-19T14:52:11+00:00","og_image":[{"width":2272,"height":1704,"url":"https:\/\/ehpadrichard.fr\/wp-content\/uploads\/2021\/03\/100-0019_IMG.jpg","type":"image\/jpeg"}],"twitter_card":"summary_large_image","twitter_misc":{"Est. reading time":"1 minute"},"schema":{"@context":"https:\/\/schema.org","@graph":[{"@type":"WebPage","@id":"https:\/\/ehpadrichard.fr\/index.php\/presentation-de-letablissement\/","url":"https:\/\/ehpadrichard.fr\/index.php\/presentation-de-letablissement\/","name":"Pr\u00e9sentation de l'Etablissement - P\u00f4le G\u00e9rontologique EHPAD Public Richard","isPartOf":{"@id":"https:\/\/ehpadrichard.fr\/#website"},"primaryImageOfPage":{"@id":"https:\/\/ehpadrichard.fr\/index.php\/presentation-de-letablissement\/#primaryimage"},"image":{"@id":"https:\/\/ehpadrichard.fr\/index.php\/presentation-de-letablissement\/#primaryimage"},"thumbnailUrl":"https:\/\/ehpadrichard.fr\/wp-content\/uploads\/2021\/03\/100-0019_IMG.jpg","datePublished":"2022-06-06T16:28:09+00:00","dateModified":"2025-09-19T14:52:11+00:00","breadcrumb":{"@id":"https:\/\/ehpadrichard.fr\/index.php\/presentation-de-letablissement\/#breadcrumb"},"inLanguage":"en-US","potentialAction":[{"@type":"ReadAction","target":["https:\/\/ehpadrichard.fr\/index.php\/presentation-de-letablissement\/"]}]},{"@type":"ImageObject","inLanguage":"en-US","@id":"https:\/\/ehpadrichard.fr\/index.php\/presentation-de-letablissement\/#primaryimage","url":"https:\/\/ehpadrichard.fr\/wp-content\/uploads\/2021\/03\/100-0019_IMG.jpg","contentUrl":"https:\/\/ehpadrichard.fr\/wp-content\/uploads\/2021\/03\/100-0019_IMG.jpg","width":2272,"height":1704},{"@type":"BreadcrumbList","@id":"https:\/\/ehpadrichard.fr\/index.php\/presentation-de-letablissement\/#breadcrumb","itemListElement":[{"@type":"ListItem","position":1,"name":"Accueil","item":"https:\/\/ehpadrichard.fr\/"},{"@type":"ListItem","position":2,"name":"Pr\u00e9sentation de l&rsquo;Etablissement"}]},{"@type":"WebSite","@id":"https:\/\/ehpadrichard.fr\/#website","url":"https:\/\/ehpadrichard.fr\/","name":"P\u00f4le G\u00e9rontologique EHPAD Public Richard","description":"2 Boulevard Richard Garnier 78700 Conflans-Sainte-Honorine","potentialAction":[{"@type":"SearchAction","target":{"@type":"EntryPoint","urlTemplate":"https:\/\/ehpadrichard.fr\/?s={search_term_string}"},"query-input":{"@type":"PropertyValueSpecification","valueRequired":true,"valueName":"search_term_string"}}],"inLanguage":"en-US"}]}},"_links":{"self":[{"href":"https:\/\/ehpadrichard.fr\/index.php\/wp-json\/wp\/v2\/pages\/745","targetHints":{"allow":["GET"]}}],"collection":[{"href":"https:\/\/ehpadrichard.fr\/index.php\/wp-json\/wp\/v2\/pages"}],"about":[{"href":"https:\/\/ehpadrichard.fr\/index.php\/wp-json\/wp\/v2\/types\/page"}],"author":[{"embeddable":true,"href":"https:\/\/ehpadrichard.fr\/index.php\/wp-json\/wp\/v2\/users\/1"}],"replies":[{"embeddable":true,"href":"https:\/\/ehpadrichard.fr\/index.php\/wp-json\/wp\/v2\/comments?post=745"}],"version-history":[{"count":126,"href":"https:\/\/ehpadrichard.fr\/index.php\/wp-json\/wp\/v2\/pages\/745\/revisions"}],"predecessor-version":[{"id":2181,"href":"https:\/\/ehpadrichard.fr\/index.php\/wp-json\/wp\/v2\/pages\/745\/revisions\/2181"}],"wp:featuredmedia":[{"embeddable":true,"href":"https:\/\/ehpadrichard.fr\/index.php\/wp-json\/wp\/v2\/media\/229"}],"wp:attachment":[{"href":"https:\/\/ehpadrichard.fr\/index.php\/wp-json\/wp\/v2\/media?parent=745"}],"curies":[{"name":"wp","href":"https:\/\/api.w.org\/{rel}","templated":true}]}}